{"id":1055,"date":"2023-01-10T16:56:42","date_gmt":"2023-01-10T14:56:42","guid":{"rendered":"https:\/\/arroyolajara.com\/?page_id=1055"},"modified":"2023-01-10T18:54:26","modified_gmt":"2023-01-10T16:54:26","slug":"bienvenida","status":"publish","type":"page","link":"https:\/\/arroyolajara.com\/en\/alojamientos\/casa-el-olivo\/bienvenida\/","title":{"rendered":"Bienvenida"},"content":{"rendered":"<div data-elementor-type=\"wp-page\" data-elementor-id=\"1055\" class=\"elementor elementor-1055\" data-elementor-post-type=\"page\">\n\t\t\t\t\t\t<section class=\"elementor-section elementor-top-section elementor-element elementor-element-92bd4ec elementor-section-boxed elementor-section-height-default elementor-section-height-default\" data-id=\"92bd4ec\" data-element_type=\"section\" data-settings=\"{&quot;background_background&quot;:&quot;classic&quot;}\">\n\t\t\t\t\t\t<div class=\"elementor-container elementor-column-gap-default\">\n\t\t\t\t\t<div class=\"elementor-column elementor-col-100 elementor-top-column elementor-element elementor-element-282a8fe\" data-id=\"282a8fe\" data-element_type=\"column\">\n\t\t\t<div class=\"elementor-widget-wrap elementor-element-populated\">\n\t\t\t\t\t\t<section class=\"elementor-section elementor-inner-section elementor-element elementor-element-95df654 elementor-section-boxed elementor-section-height-default elementor-section-height-default\" data-id=\"95df654\" data-element_type=\"section\">\n\t\t\t\t\t\t<div class=\"elementor-container elementor-column-gap-default\">\n\t\t\t\t\t<div class=\"elementor-column elementor-col-50 elementor-inner-column elementor-element elementor-element-41cae61\" data-id=\"41cae61\" data-element_type=\"column\">\n\t\t\t<div class=\"elementor-widget-wrap elementor-element-populated\">\n\t\t\t\t\t\t<div class=\"elementor-element elementor-element-824d387 elementor-align-justify elementor-widget elementor-widget-button\" data-id=\"824d387\" data-element_type=\"widget\" data-widget_type=\"button.default\">\n\t\t\t\t<div class=\"elementor-widget-container\">\n\t\t\t\t\t\t\t\t\t<div class=\"elementor-button-wrapper\">\n\t\t\t\t\t<a class=\"elementor-button elementor-button-link elementor-size-sm\" href=\"\/en\/normas\/\">\n\t\t\t\t\t\t<span class=\"elementor-button-content-wrapper\">\n\t\t\t\t\t\t\t\t\t<span class=\"elementor-button-text\">Normas<\/span>\n\t\t\t\t\t<\/span>\n\t\t\t\t\t<\/a>\n\t\t\t\t<\/div>\n\t\t\t\t\t\t\t\t<\/div>\n\t\t\t\t<\/div>\n\t\t\t\t\t<\/div>\n\t\t<\/div>\n\t\t\t\t<div class=\"elementor-column elementor-col-50 elementor-inner-column elementor-element elementor-element-6f772d9\" data-id=\"6f772d9\" data-element_type=\"column\">\n\t\t\t<div class=\"elementor-widget-wrap elementor-element-populated\">\n\t\t\t\t\t\t<div class=\"elementor-element elementor-element-a7edfc8 elementor-align-justify elementor-widget elementor-widget-button\" data-id=\"a7edfc8\" data-element_type=\"widget\" data-widget_type=\"button.default\">\n\t\t\t\t<div class=\"elementor-widget-container\">\n\t\t\t\t\t\t\t\t\t<div class=\"elementor-button-wrapper\">\n\t\t\t\t\t<a class=\"elementor-button elementor-button-link elementor-size-sm\" href=\"\/en\/rutas-gastronomicas\/\">\n\t\t\t\t\t\t<span class=\"elementor-button-content-wrapper\">\n\t\t\t\t\t\t\t\t\t<span class=\"elementor-button-text\">Gastronomic routes<\/span>\n\t\t\t\t\t<\/span>\n\t\t\t\t\t<\/a>\n\t\t\t\t<\/div>\n\t\t\t\t\t\t\t\t<\/div>\n\t\t\t\t<\/div>\n\t\t\t\t\t<\/div>\n\t\t<\/div>\n\t\t\t\t\t<\/div>\n\t\t<\/section>\n\t\t\t\t<div class=\"elementor-element elementor-element-4f79654 elementor-widget elementor-widget-heading\" data-id=\"4f79654\" data-element_type=\"widget\" data-widget_type=\"heading.default\">\n\t\t\t\t<div class=\"elementor-widget-container\">\n\t\t\t\t\t<h2 class=\"elementor-heading-title elementor-size-default\">Estimados visitantes:\n<br><br>\nLa Finca Arroyo La Jara le da la bienvenida y le desea unas felices vacaciones en nuestra sierra.<\/h2>\t\t\t\t<\/div>\n\t\t\t\t<\/div>\n\t\t\t\t<div class=\"elementor-element elementor-element-419d442 elementor-widget elementor-widget-text-editor\" data-id=\"419d442\" data-element_type=\"widget\" data-widget_type=\"text-editor.default\">\n\t\t\t\t<div class=\"elementor-widget-container\">\n\t\t\t\t\t\t\t\t\t<p>La Finca Arroyo La Jara tiene una extensi\u00f3n de 32 hect\u00e1reas. Est\u00e1 surcada por peque\u00f1os arroyos que bajan desde los manantiales situados en lo m\u00e1s alto del terreno. Est\u00e1 poblada por una vegetaci\u00f3n y por faunas t\u00edpicas de la Sierra de Aracena y presenta atractivos senderos con entra\u00f1ables rincones dignos de ser descubiertos.<\/p><p>La tranquilidad, el confort, el trato amigable y cordial, unidos a la belleza natural de la finca, son los constituyentes de nuestra oferta para que pasen con nosotros unos confortables d\u00edas de verdadero descanso.<\/p>\t\t\t\t\t\t\t\t<\/div>\n\t\t\t\t<\/div>\n\t\t\t\t\t<\/div>\n\t\t<\/div>\n\t\t\t\t\t<\/div>\n\t\t<\/section>\n\t\t\t\t<section class=\"elementor-section elementor-top-section elementor-element elementor-element-a42a866 elementor-section-boxed elementor-section-height-default elementor-section-height-default\" data-id=\"a42a866\" data-element_type=\"section\" data-settings=\"{&quot;background_background&quot;:&quot;classic&quot;}\">\n\t\t\t\t\t\t<div class=\"elementor-container elementor-column-gap-default\">\n\t\t\t\t\t<div class=\"elementor-column elementor-col-100 elementor-top-column elementor-element elementor-element-e9180e9\" data-id=\"e9180e9\" data-element_type=\"column\">\n\t\t\t<div class=\"elementor-widget-wrap elementor-element-populated\">\n\t\t\t\t\t\t<div class=\"elementor-element elementor-element-0c796a8 elementor-widget elementor-widget-heading\" data-id=\"0c796a8\" data-element_type=\"widget\" data-widget_type=\"heading.default\">\n\t\t\t\t<div class=\"elementor-widget-container\">\n\t\t\t\t\t<h2 class=\"elementor-heading-title elementor-size-default\">Ustedes est\u00e1n alojados en la CASA EL OLIVO<\/h2>\t\t\t\t<\/div>\n\t\t\t\t<\/div>\n\t\t\t\t<div class=\"elementor-element elementor-element-397cd9b elementor-widget elementor-widget-text-editor\" data-id=\"397cd9b\" data-element_type=\"widget\" data-widget_type=\"text-editor.default\">\n\t\t\t\t<div class=\"elementor-widget-container\">\n\t\t\t\t\t\t\t\t\t<p>Located in the old Threshing floor of the farm with incomparable views of a meadow of holm oaks and the view to Cabeza Gorda Hill.<\/p>\n<p>Its name has been chosen in homage to one of the most emblematic trees of our land. If there is one tree with the greatest symbolism since time immemorial, it is the olive tree. It is associated with particularities such as longevity or immortality, healing, peace and reconciliation, fertility and victory.<\/p>\n<p>La Casa El Olivo est\u00e1 escondida entre gran variedad de \u00e1rboles aut\u00f3ctonos en lo m\u00e1s profundo de nuestra finca. La casa est\u00e1 equipada para dar alojamiento a 10 personas.<\/p>\n<p>Esta casa forma parte del grupo de 6 Casas Rurales que posee Finca Arroyo la Jara.<\/p>\t\t\t\t\t\t\t\t<\/div>\n\t\t\t\t<\/div>\n\t\t\t\t<section class=\"elementor-section elementor-inner-section elementor-element elementor-element-984ccf9 elementor-section-boxed elementor-section-height-default elementor-section-height-default\" data-id=\"984ccf9\" data-element_type=\"section\">\n\t\t\t\t\t\t<div class=\"elementor-container elementor-column-gap-default\">\n\t\t\t\t\t<div class=\"elementor-column elementor-col-20 elementor-inner-column elementor-element elementor-element-31d18ca\" data-id=\"31d18ca\" data-element_type=\"column\" data-settings=\"{&quot;background_background&quot;:&quot;classic&quot;}\">\n\t\t\t<div class=\"elementor-widget-wrap elementor-element-populated\">\n\t\t\t\t\t\t<div class=\"elementor-element elementor-element-1307cd3 elementor-widget elementor-widget-image\" data-id=\"1307cd3\" data-element_type=\"widget\" data-widget_type=\"image.default\">\n\t\t\t\t<div class=\"elementor-widget-container\">\n\t\t\t\t\t\t\t\t\t\t\t\t\t\t\t\t<a href=\"\/en\/alojamientos\/casa-el-puente\/\">\n\t\t\t\t\t\t\t<img decoding=\"async\" src=\"https:\/\/arroyolajara.com\/wp-content\/uploads\/2022\/11\/casa1.jpg\" title=\"\" alt=\"\" loading=\"lazy\" \/>\t\t\t\t\t\t\t\t<\/a>\n\t\t\t\t\t\t\t\t\t\t\t\t\t\t\t<\/div>\n\t\t\t\t<\/div>\n\t\t\t\t<section class=\"elementor-section elementor-inner-section elementor-element elementor-element-ccce9dd elementor-section-boxed elementor-section-height-default elementor-section-height-default\" data-id=\"ccce9dd\" data-element_type=\"section\">\n\t\t\t\t\t\t<div class=\"elementor-container elementor-column-gap-default\">\n\t\t\t\t\t<div class=\"elementor-column elementor-col-100 elementor-inner-column elementor-element elementor-element-fdd6733\" data-id=\"fdd6733\" data-element_type=\"column\">\n\t\t\t<div class=\"elementor-widget-wrap elementor-element-populated\">\n\t\t\t\t\t\t<div class=\"elementor-element elementor-element-324e320 elementor-widget elementor-widget-heading\" data-id=\"324e320\" data-element_type=\"widget\" data-widget_type=\"heading.default\">\n\t\t\t\t<div class=\"elementor-widget-container\">\n\t\t\t\t\t<h5 class=\"elementor-heading-title elementor-size-default\">Casa El Puente<\/h5>\t\t\t\t<\/div>\n\t\t\t\t<\/div>\n\t\t\t\t<div class=\"elementor-element elementor-element-989486a elementor-widget elementor-widget-text-editor\" data-id=\"989486a\" data-element_type=\"widget\" data-widget_type=\"text-editor.default\">\n\t\t\t\t<div class=\"elementor-widget-container\">\n\t\t\t\t\t\t\t\t\t<p>2 personas<\/p>\t\t\t\t\t\t\t\t<\/div>\n\t\t\t\t<\/div>\n\t\t\t\t\t<\/div>\n\t\t<\/div>\n\t\t\t\t\t<\/div>\n\t\t<\/section>\n\t\t\t\t\t<\/div>\n\t\t<\/div>\n\t\t\t\t<div class=\"elementor-column elementor-col-20 elementor-inner-column elementor-element elementor-element-87167d1\" data-id=\"87167d1\" data-element_type=\"column\" data-settings=\"{&quot;background_background&quot;:&quot;classic&quot;}\">\n\t\t\t<div class=\"elementor-widget-wrap elementor-element-populated\">\n\t\t\t\t\t\t<div class=\"elementor-element elementor-element-55c3d62 elementor-widget elementor-widget-image\" data-id=\"55c3d62\" data-element_type=\"widget\" data-widget_type=\"image.default\">\n\t\t\t\t<div class=\"elementor-widget-container\">\n\t\t\t\t\t\t\t\t\t\t\t\t\t\t\t\t<a href=\"\/en\/alojamientos\/casa-la-huerta\/\">\n\t\t\t\t\t\t\t<img decoding=\"async\" src=\"https:\/\/arroyolajara.com\/wp-content\/uploads\/2022\/11\/casa2.jpg\" title=\"\" alt=\"\" loading=\"lazy\" \/>\t\t\t\t\t\t\t\t<\/a>\n\t\t\t\t\t\t\t\t\t\t\t\t\t\t\t<\/div>\n\t\t\t\t<\/div>\n\t\t\t\t<section class=\"elementor-section elementor-inner-section elementor-element elementor-element-1f538b9 elementor-section-boxed elementor-section-height-default elementor-section-height-default\" data-id=\"1f538b9\" data-element_type=\"section\">\n\t\t\t\t\t\t<div class=\"elementor-container elementor-column-gap-default\">\n\t\t\t\t\t<div class=\"elementor-column elementor-col-100 elementor-inner-column elementor-element elementor-element-c4c8251\" data-id=\"c4c8251\" data-element_type=\"column\">\n\t\t\t<div class=\"elementor-widget-wrap elementor-element-populated\">\n\t\t\t\t\t\t<div class=\"elementor-element elementor-element-40790d3 elementor-widget elementor-widget-heading\" data-id=\"40790d3\" data-element_type=\"widget\" data-widget_type=\"heading.default\">\n\t\t\t\t<div class=\"elementor-widget-container\">\n\t\t\t\t\t<h5 class=\"elementor-heading-title elementor-size-default\">Casa La Huerta<\/h5>\t\t\t\t<\/div>\n\t\t\t\t<\/div>\n\t\t\t\t<div class=\"elementor-element elementor-element-ca53009 elementor-widget elementor-widget-text-editor\" data-id=\"ca53009\" data-element_type=\"widget\" data-widget_type=\"text-editor.default\">\n\t\t\t\t<div class=\"elementor-widget-container\">\n\t\t\t\t\t\t\t\t\t<p>4 personas<\/p>\t\t\t\t\t\t\t\t<\/div>\n\t\t\t\t<\/div>\n\t\t\t\t\t<\/div>\n\t\t<\/div>\n\t\t\t\t\t<\/div>\n\t\t<\/section>\n\t\t\t\t\t<\/div>\n\t\t<\/div>\n\t\t\t\t<div class=\"elementor-column elementor-col-20 elementor-inner-column elementor-element elementor-element-0328f7d\" data-id=\"0328f7d\" data-element_type=\"column\" data-settings=\"{&quot;background_background&quot;:&quot;classic&quot;}\">\n\t\t\t<div class=\"elementor-widget-wrap elementor-element-populated\">\n\t\t\t\t\t\t<div class=\"elementor-element elementor-element-d61100c elementor-widget elementor-widget-image\" data-id=\"d61100c\" data-element_type=\"widget\" data-widget_type=\"image.default\">\n\t\t\t\t<div class=\"elementor-widget-container\">\n\t\t\t\t\t\t\t\t\t\t\t\t\t\t\t\t<a href=\"\/en\/alojamientos\/casa-la-fuente\/\">\n\t\t\t\t\t\t\t<img decoding=\"async\" src=\"https:\/\/arroyolajara.com\/wp-content\/uploads\/2022\/11\/casa4.jpg\" title=\"\" alt=\"\" loading=\"lazy\" \/>\t\t\t\t\t\t\t\t<\/a>\n\t\t\t\t\t\t\t\t\t\t\t\t\t\t\t<\/div>\n\t\t\t\t<\/div>\n\t\t\t\t<section class=\"elementor-section elementor-inner-section elementor-element elementor-element-c6c8162 elementor-section-boxed elementor-section-height-default elementor-section-height-default\" data-id=\"c6c8162\" data-element_type=\"section\">\n\t\t\t\t\t\t<div class=\"elementor-container elementor-column-gap-default\">\n\t\t\t\t\t<div class=\"elementor-column elementor-col-100 elementor-inner-column elementor-element elementor-element-678fc8e\" data-id=\"678fc8e\" data-element_type=\"column\">\n\t\t\t<div class=\"elementor-widget-wrap elementor-element-populated\">\n\t\t\t\t\t\t<div class=\"elementor-element elementor-element-9ddd367 elementor-widget elementor-widget-heading\" data-id=\"9ddd367\" data-element_type=\"widget\" data-widget_type=\"heading.default\">\n\t\t\t\t<div class=\"elementor-widget-container\">\n\t\t\t\t\t<h5 class=\"elementor-heading-title elementor-size-default\">Casa La Fuente<\/h5>\t\t\t\t<\/div>\n\t\t\t\t<\/div>\n\t\t\t\t<div class=\"elementor-element elementor-element-48ab2d6 elementor-widget elementor-widget-text-editor\" data-id=\"48ab2d6\" data-element_type=\"widget\" data-widget_type=\"text-editor.default\">\n\t\t\t\t<div class=\"elementor-widget-container\">\n\t\t\t\t\t\t\t\t\t<p>4 personas<\/p>\t\t\t\t\t\t\t\t<\/div>\n\t\t\t\t<\/div>\n\t\t\t\t\t<\/div>\n\t\t<\/div>\n\t\t\t\t\t<\/div>\n\t\t<\/section>\n\t\t\t\t\t<\/div>\n\t\t<\/div>\n\t\t\t\t<div class=\"elementor-column elementor-col-20 elementor-inner-column elementor-element elementor-element-bcf7a06\" data-id=\"bcf7a06\" data-element_type=\"column\" data-settings=\"{&quot;background_background&quot;:&quot;classic&quot;}\">\n\t\t\t<div class=\"elementor-widget-wrap elementor-element-populated\">\n\t\t\t\t\t\t<div class=\"elementor-element elementor-element-975cd69 elementor-widget elementor-widget-image\" data-id=\"975cd69\" data-element_type=\"widget\" data-widget_type=\"image.default\">\n\t\t\t\t<div class=\"elementor-widget-container\">\n\t\t\t\t\t\t\t\t\t\t\t\t\t\t\t\t<a href=\"\/en\/alojamientos\/casa-los-naranjos\/\">\n\t\t\t\t\t\t\t<img decoding=\"async\" src=\"https:\/\/arroyolajara.com\/wp-content\/uploads\/2022\/11\/casa1.jpg\" title=\"\" alt=\"\" loading=\"lazy\" \/>\t\t\t\t\t\t\t\t<\/a>\n\t\t\t\t\t\t\t\t\t\t\t\t\t\t\t<\/div>\n\t\t\t\t<\/div>\n\t\t\t\t<section class=\"elementor-section elementor-inner-section elementor-element elementor-element-be901d2 elementor-section-boxed elementor-section-height-default elementor-section-height-default\" data-id=\"be901d2\" data-element_type=\"section\">\n\t\t\t\t\t\t<div class=\"elementor-container elementor-column-gap-default\">\n\t\t\t\t\t<div class=\"elementor-column elementor-col-100 elementor-inner-column elementor-element elementor-element-901e0f7\" data-id=\"901e0f7\" data-element_type=\"column\">\n\t\t\t<div class=\"elementor-widget-wrap elementor-element-populated\">\n\t\t\t\t\t\t<div class=\"elementor-element elementor-element-0b0da44 elementor-widget elementor-widget-heading\" data-id=\"0b0da44\" data-element_type=\"widget\" data-widget_type=\"heading.default\">\n\t\t\t\t<div class=\"elementor-widget-container\">\n\t\t\t\t\t<h5 class=\"elementor-heading-title elementor-size-default\">Casa Los Naranjos<\/h5>\t\t\t\t<\/div>\n\t\t\t\t<\/div>\n\t\t\t\t<div class=\"elementor-element elementor-element-4ec50fa elementor-widget elementor-widget-text-editor\" data-id=\"4ec50fa\" data-element_type=\"widget\" data-widget_type=\"text-editor.default\">\n\t\t\t\t<div class=\"elementor-widget-container\">\n\t\t\t\t\t\t\t\t\t<p>2 personas<\/p>\t\t\t\t\t\t\t\t<\/div>\n\t\t\t\t<\/div>\n\t\t\t\t\t<\/div>\n\t\t<\/div>\n\t\t\t\t\t<\/div>\n\t\t<\/section>\n\t\t\t\t\t<\/div>\n\t\t<\/div>\n\t\t\t\t<div class=\"elementor-column elementor-col-20 elementor-inner-column elementor-element elementor-element-bb85832\" data-id=\"bb85832\" data-element_type=\"column\" data-settings=\"{&quot;background_background&quot;:&quot;classic&quot;}\">\n\t\t\t<div class=\"elementor-widget-wrap elementor-element-populated\">\n\t\t\t\t\t\t<div class=\"elementor-element elementor-element-6d3ef19 elementor-widget elementor-widget-image\" data-id=\"6d3ef19\" data-element_type=\"widget\" data-widget_type=\"image.default\">\n\t\t\t\t<div class=\"elementor-widget-container\">\n\t\t\t\t\t\t\t\t\t\t\t\t\t\t\t\t<a href=\"\/en\/alojamientos\/casa-la-alberca\/\">\n\t\t\t\t\t\t\t<img decoding=\"async\" src=\"https:\/\/arroyolajara.com\/wp-content\/uploads\/2022\/11\/casa2.jpg\" title=\"\" alt=\"\" loading=\"lazy\" \/>\t\t\t\t\t\t\t\t<\/a>\n\t\t\t\t\t\t\t\t\t\t\t\t\t\t\t<\/div>\n\t\t\t\t<\/div>\n\t\t\t\t<section class=\"elementor-section elementor-inner-section elementor-element elementor-element-88e084b elementor-section-boxed elementor-section-height-default elementor-section-height-default\" data-id=\"88e084b\" data-element_type=\"section\">\n\t\t\t\t\t\t<div class=\"elementor-container elementor-column-gap-default\">\n\t\t\t\t\t<div class=\"elementor-column elementor-col-100 elementor-inner-column elementor-element elementor-element-c2ab6e4\" data-id=\"c2ab6e4\" data-element_type=\"column\">\n\t\t\t<div class=\"elementor-widget-wrap elementor-element-populated\">\n\t\t\t\t\t\t<div class=\"elementor-element elementor-element-ccd0ef0 elementor-widget elementor-widget-heading\" data-id=\"ccd0ef0\" data-element_type=\"widget\" data-widget_type=\"heading.default\">\n\t\t\t\t<div class=\"elementor-widget-container\">\n\t\t\t\t\t<h5 class=\"elementor-heading-title elementor-size-default\">Casa La Alberca<\/h5>\t\t\t\t<\/div>\n\t\t\t\t<\/div>\n\t\t\t\t<div class=\"elementor-element elementor-element-d93301a elementor-widget elementor-widget-text-editor\" data-id=\"d93301a\" data-element_type=\"widget\" data-widget_type=\"text-editor.default\">\n\t\t\t\t<div class=\"elementor-widget-container\">\n\t\t\t\t\t\t\t\t\t<p>4 personas<\/p>\t\t\t\t\t\t\t\t<\/div>\n\t\t\t\t<\/div>\n\t\t\t\t\t<\/div>\n\t\t<\/div>\n\t\t\t\t\t<\/div>\n\t\t<\/section>\n\t\t\t\t\t<\/div>\n\t\t<\/div>\n\t\t\t\t\t<\/div>\n\t\t<\/section>\n\t\t\t\t<div class=\"elementor-element elementor-element-70a6eb5 elementor-widget elementor-widget-text-editor\" data-id=\"70a6eb5\" data-element_type=\"widget\" data-widget_type=\"text-editor.default\">\n\t\t\t\t<div class=\"elementor-widget-container\">\n\t\t\t\t\t\t\t\t\t<p>Accediendo a nuestra P\u00e1gina Web podr\u00e1n obtener m\u00e1s informaci\u00f3n y detalles con relaci\u00f3n a las caracter\u00edsticas y servicios de Arroyo La Jara.<\/p>\t\t\t\t\t\t\t\t<\/div>\n\t\t\t\t<\/div>\n\t\t\t\t\t<\/div>\n\t\t<\/div>\n\t\t\t\t\t<\/div>\n\t\t<\/section>\n\t\t\t\t<section class=\"elementor-section elementor-top-section elementor-element elementor-element-0adbcd1 elementor-section-boxed elementor-section-height-default elementor-section-height-default\" data-id=\"0adbcd1\" data-element_type=\"section\" data-settings=\"{&quot;background_background&quot;:&quot;classic&quot;}\">\n\t\t\t\t\t\t<div class=\"elementor-container elementor-column-gap-default\">\n\t\t\t\t\t<div class=\"elementor-column elementor-col-100 elementor-top-column elementor-element elementor-element-ec936a9\" data-id=\"ec936a9\" data-element_type=\"column\">\n\t\t\t<div class=\"elementor-widget-wrap elementor-element-populated\">\n\t\t\t\t\t\t<div class=\"elementor-element elementor-element-fb23c0c elementor-widget elementor-widget-text-editor\" data-id=\"fb23c0c\" data-element_type=\"widget\" data-widget_type=\"text-editor.default\">\n\t\t\t\t<div class=\"elementor-widget-container\">\n\t\t\t\t\t\t\t\t\t<p>Queremos destacar que las ropas de cama, cortinas, toallas de ba\u00f1o y algunas alfombras de los dormitorios han sido confeccionadas en el taller de manualidades de la Finca Arroyo La Jara. Para ello se han utilizado telas de algod\u00f3n 100% y pura lana virgen.<\/p><p>En el taller de manualidades los clientes de Arroyo La Jara pueden realizar diferentes tipos de talleres y actividades que se van alternando y que en la recepci\u00f3n pueden obtener m\u00e1s informaci\u00f3n sobre d\u00edas, precios y horas.<\/p>\t\t\t\t\t\t\t\t<\/div>\n\t\t\t\t<\/div>\n\t\t\t\t\t<\/div>\n\t\t<\/div>\n\t\t\t\t\t<\/div>\n\t\t<\/section>\n\t\t\t\t<section class=\"elementor-section elementor-top-section elementor-element elementor-element-8366dc6 elementor-section-boxed elementor-section-height-default elementor-section-height-default\" data-id=\"8366dc6\" data-element_type=\"section\" data-settings=\"{&quot;background_background&quot;:&quot;classic&quot;}\">\n\t\t\t\t\t\t<div class=\"elementor-container elementor-column-gap-default\">\n\t\t\t\t\t<div class=\"elementor-column elementor-col-100 elementor-top-column elementor-element elementor-element-2939495\" data-id=\"2939495\" data-element_type=\"column\">\n\t\t\t<div class=\"elementor-widget-wrap elementor-element-populated\">\n\t\t\t\t\t\t<div class=\"elementor-element elementor-element-27c1d11 elementor-widget elementor-widget-text-editor\" data-id=\"27c1d11\" data-element_type=\"widget\" data-widget_type=\"text-editor.default\">\n\t\t\t\t<div class=\"elementor-widget-container\">\n\t\t\t\t\t\t\t\t\t<p>Un complemento importante de los servicios de Arroyo La Jara es nuestro servicio de desayunos directo en la casa o en nuestra zona com\u00fan destinada a desayunos.<\/p><p>Vean el men\u00fa y comprueben sus cualidades haciendo la reserva, el d\u00eda anterior, antes de las 19 horas, llamando al Tel. 661 341 658.<\/p><p>Para completar la informaci\u00f3n, en las p\u00e1ginas siguientes les presentamos las Normas para los hu\u00e9spedes y tel\u00e9fonos de inter\u00e9s.<\/p><p>Le recordamos que la prolongaci\u00f3n del tiempo de estancia m\u00e1s all\u00e1 del horario de salida producir\u00e1 un incremento en el precio de la misma.<\/p><p>Por favor, ay\u00fadenos a cuidar y mantener nuestros objetivos de calidad haciendo un buen uso de las instalaciones de la casa.<\/p>\t\t\t\t\t\t\t\t<\/div>\n\t\t\t\t<\/div>\n\t\t\t\t<div class=\"elementor-element elementor-element-888eb7e elementor-widget elementor-widget-heading\" data-id=\"888eb7e\" data-element_type=\"widget\" data-widget_type=\"heading.default\">\n\t\t\t\t<div class=\"elementor-widget-container\">\n\t\t\t\t\t<h2 class=\"elementor-heading-title elementor-size-default\">Gracias por elegirnos y\u2026 \u00a1FELIZ ESTANCIA EN ARROYO LA JARA!<\/h2>\t\t\t\t<\/div>\n\t\t\t\t<\/div>\n\t\t\t\t\t<\/div>\n\t\t<\/div>\n\t\t\t\t\t<\/div>\n\t\t<\/section>\n\t\t\t\t<\/div>","protected":false},"excerpt":{"rendered":"<p>Normas Rutas gastron\u00f3micas Estimados visitantes: La Finca Arroyo La Jara le da la bienvenida y le desea unas felices vacaciones en nuestra sierra. La Finca Arroyo La Jara tiene una extensi\u00f3n de 32 hect\u00e1reas. Est\u00e1 surcada por peque\u00f1os arroyos que bajan desde los manantiales situados en lo m\u00e1s alto del terreno. Est\u00e1 poblada por una [&hellip;]<\/p>\n","protected":false},"author":3,"featured_media":0,"parent":824,"menu_order":0,"comment_status":"closed","ping_status":"closed","template":"","meta":{"inline_featured_image":false,"_joinchat":[],"footnotes":""},"class_list":["post-1055","page","type-page","status-publish","hentry","entry"],"yoast_head":"<!-- This site is optimized with the Yoast SEO plugin v26.8 - https:\/\/yoast.com\/product\/yoast-seo-wordpress\/ -->\n<title>Bienvenida - Arroyo La Jara<\/title>\n<meta name=\"robots\" content=\"index, follow, max-snippet:-1, max-image-preview:large, max-video-preview:-1\" \/>\n<link rel=\"canonical\" href=\"https:\/\/arroyolajara.com\/en\/alojamientos\/casa-el-olivo\/bienvenida\/\" \/>\n<meta property=\"og:locale\" content=\"en_GB\" \/>\n<meta property=\"og:type\" content=\"article\" \/>\n<meta property=\"og:title\" content=\"Bienvenida - Arroyo La Jara\" \/>\n<meta property=\"og:description\" content=\"Normas Rutas gastron\u00f3micas Estimados visitantes: La Finca Arroyo La Jara le da la bienvenida y le desea unas felices vacaciones en nuestra sierra. La Finca Arroyo La Jara tiene una extensi\u00f3n de 32 hect\u00e1reas. Est\u00e1 surcada por peque\u00f1os arroyos que bajan desde los manantiales situados en lo m\u00e1s alto del terreno. Est\u00e1 poblada por una [&hellip;]\" \/>\n<meta property=\"og:url\" content=\"https:\/\/arroyolajara.com\/en\/alojamientos\/casa-el-olivo\/bienvenida\/\" \/>\n<meta property=\"og:site_name\" content=\"Arroyo La Jara\" \/>\n<meta property=\"article:modified_time\" content=\"2023-01-10T16:54:26+00:00\" \/>\n<meta property=\"og:image\" content=\"https:\/\/arroyolajara.com\/wp-content\/uploads\/2022\/11\/casa1.jpg\" \/>\n<meta name=\"twitter:card\" content=\"summary_large_image\" \/>\n<meta name=\"twitter:label1\" content=\"Estimated reading time\" \/>\n\t<meta name=\"twitter:data1\" content=\"3 minutes\" \/>\n<script type=\"application\/ld+json\" class=\"yoast-schema-graph\">{\"@context\":\"https:\/\/schema.org\",\"@graph\":[{\"@type\":\"WebPage\",\"@id\":\"https:\/\/arroyolajara.com\/alojamientos\/casa-el-olivo\/bienvenida\/\",\"url\":\"https:\/\/arroyolajara.com\/alojamientos\/casa-el-olivo\/bienvenida\/\",\"name\":\"Bienvenida - Arroyo La Jara\",\"isPartOf\":{\"@id\":\"https:\/\/arroyolajara.com\/#website\"},\"primaryImageOfPage\":{\"@id\":\"https:\/\/arroyolajara.com\/alojamientos\/casa-el-olivo\/bienvenida\/#primaryimage\"},\"image\":{\"@id\":\"https:\/\/arroyolajara.com\/alojamientos\/casa-el-olivo\/bienvenida\/#primaryimage\"},\"thumbnailUrl\":\"https:\/\/arroyolajara.com\/wp-content\/uploads\/2022\/11\/casa1.jpg\",\"datePublished\":\"2023-01-10T14:56:42+00:00\",\"dateModified\":\"2023-01-10T16:54:26+00:00\",\"breadcrumb\":{\"@id\":\"https:\/\/arroyolajara.com\/alojamientos\/casa-el-olivo\/bienvenida\/#breadcrumb\"},\"inLanguage\":\"en-GB\",\"potentialAction\":[{\"@type\":\"ReadAction\",\"target\":[\"https:\/\/arroyolajara.com\/alojamientos\/casa-el-olivo\/bienvenida\/\"]}]},{\"@type\":\"ImageObject\",\"inLanguage\":\"en-GB\",\"@id\":\"https:\/\/arroyolajara.com\/alojamientos\/casa-el-olivo\/bienvenida\/#primaryimage\",\"url\":\"https:\/\/arroyolajara.com\/wp-content\/uploads\/2022\/11\/casa1.jpg\",\"contentUrl\":\"https:\/\/arroyolajara.com\/wp-content\/uploads\/2022\/11\/casa1.jpg\"},{\"@type\":\"BreadcrumbList\",\"@id\":\"https:\/\/arroyolajara.com\/alojamientos\/casa-el-olivo\/bienvenida\/#breadcrumb\",\"itemListElement\":[{\"@type\":\"ListItem\",\"position\":1,\"name\":\"Portada\",\"item\":\"https:\/\/arroyolajara.com\/\"},{\"@type\":\"ListItem\",\"position\":2,\"name\":\"Alojamientos\",\"item\":\"https:\/\/arroyolajara.com\/alojamientos\/\"},{\"@type\":\"ListItem\",\"position\":3,\"name\":\"Casa El Olivo\",\"item\":\"https:\/\/arroyolajara.com\/alojamientos\/casa-el-olivo\/\"},{\"@type\":\"ListItem\",\"position\":4,\"name\":\"Bienvenida\"}]},{\"@type\":\"WebSite\",\"@id\":\"https:\/\/arroyolajara.com\/#website\",\"url\":\"https:\/\/arroyolajara.com\/\",\"name\":\"Arroyo La Jara\",\"description\":\"Casas rurales en Huelva\",\"publisher\":{\"@id\":\"https:\/\/arroyolajara.com\/#organization\"},\"alternateName\":\"Casas rurales en Huelva\",\"potentialAction\":[{\"@type\":\"SearchAction\",\"target\":{\"@type\":\"EntryPoint\",\"urlTemplate\":\"https:\/\/arroyolajara.com\/?s={search_term_string}\"},\"query-input\":{\"@type\":\"PropertyValueSpecification\",\"valueRequired\":true,\"valueName\":\"search_term_string\"}}],\"inLanguage\":\"en-GB\"},{\"@type\":\"Organization\",\"@id\":\"https:\/\/arroyolajara.com\/#organization\",\"name\":\"Arroyo La Jara\",\"alternateName\":\"Casas rurales en Huelva\",\"url\":\"https:\/\/arroyolajara.com\/\",\"logo\":{\"@type\":\"ImageObject\",\"inLanguage\":\"en-GB\",\"@id\":\"https:\/\/arroyolajara.com\/#\/schema\/logo\/image\/\",\"url\":\"https:\/\/arroyolajara.com\/wp-content\/uploads\/2024\/07\/ArroyoLaJara-LogoBlanco.svg\",\"contentUrl\":\"https:\/\/arroyolajara.com\/wp-content\/uploads\/2024\/07\/ArroyoLaJara-LogoBlanco.svg\",\"width\":249,\"height\":75,\"caption\":\"Arroyo La Jara\"},\"image\":{\"@id\":\"https:\/\/arroyolajara.com\/#\/schema\/logo\/image\/\"},\"sameAs\":[\"https:\/\/www.instagram.com\/arroyolajara\"]}]}<\/script>\n<!-- \/ Yoast SEO plugin. -->","yoast_head_json":{"title":"Bienvenida - Arroyo La Jara","robots":{"index":"index","follow":"follow","max-snippet":"max-snippet:-1","max-image-preview":"max-image-preview:large","max-video-preview":"max-video-preview:-1"},"canonical":"https:\/\/arroyolajara.com\/en\/alojamientos\/casa-el-olivo\/bienvenida\/","og_locale":"en_GB","og_type":"article","og_title":"Bienvenida - Arroyo La Jara","og_description":"Normas Rutas gastron\u00f3micas Estimados visitantes: La Finca Arroyo La Jara le da la bienvenida y le desea unas felices vacaciones en nuestra sierra. La Finca Arroyo La Jara tiene una extensi\u00f3n de 32 hect\u00e1reas. Est\u00e1 surcada por peque\u00f1os arroyos que bajan desde los manantiales situados en lo m\u00e1s alto del terreno. Est\u00e1 poblada por una [&hellip;]","og_url":"https:\/\/arroyolajara.com\/en\/alojamientos\/casa-el-olivo\/bienvenida\/","og_site_name":"Arroyo La Jara","article_modified_time":"2023-01-10T16:54:26+00:00","og_image":[{"url":"https:\/\/arroyolajara.com\/wp-content\/uploads\/2022\/11\/casa1.jpg","type":"","width":"","height":""}],"twitter_card":"summary_large_image","twitter_misc":{"Estimated reading time":"3 minutes"},"schema":{"@context":"https:\/\/schema.org","@graph":[{"@type":"WebPage","@id":"https:\/\/arroyolajara.com\/alojamientos\/casa-el-olivo\/bienvenida\/","url":"https:\/\/arroyolajara.com\/alojamientos\/casa-el-olivo\/bienvenida\/","name":"Bienvenida - Arroyo La Jara","isPartOf":{"@id":"https:\/\/arroyolajara.com\/#website"},"primaryImageOfPage":{"@id":"https:\/\/arroyolajara.com\/alojamientos\/casa-el-olivo\/bienvenida\/#primaryimage"},"image":{"@id":"https:\/\/arroyolajara.com\/alojamientos\/casa-el-olivo\/bienvenida\/#primaryimage"},"thumbnailUrl":"https:\/\/arroyolajara.com\/wp-content\/uploads\/2022\/11\/casa1.jpg","datePublished":"2023-01-10T14:56:42+00:00","dateModified":"2023-01-10T16:54:26+00:00","breadcrumb":{"@id":"https:\/\/arroyolajara.com\/alojamientos\/casa-el-olivo\/bienvenida\/#breadcrumb"},"inLanguage":"en-GB","potentialAction":[{"@type":"ReadAction","target":["https:\/\/arroyolajara.com\/alojamientos\/casa-el-olivo\/bienvenida\/"]}]},{"@type":"ImageObject","inLanguage":"en-GB","@id":"https:\/\/arroyolajara.com\/alojamientos\/casa-el-olivo\/bienvenida\/#primaryimage","url":"https:\/\/arroyolajara.com\/wp-content\/uploads\/2022\/11\/casa1.jpg","contentUrl":"https:\/\/arroyolajara.com\/wp-content\/uploads\/2022\/11\/casa1.jpg"},{"@type":"BreadcrumbList","@id":"https:\/\/arroyolajara.com\/alojamientos\/casa-el-olivo\/bienvenida\/#breadcrumb","itemListElement":[{"@type":"ListItem","position":1,"name":"Portada","item":"https:\/\/arroyolajara.com\/"},{"@type":"ListItem","position":2,"name":"Alojamientos","item":"https:\/\/arroyolajara.com\/alojamientos\/"},{"@type":"ListItem","position":3,"name":"Casa El Olivo","item":"https:\/\/arroyolajara.com\/alojamientos\/casa-el-olivo\/"},{"@type":"ListItem","position":4,"name":"Bienvenida"}]},{"@type":"WebSite","@id":"https:\/\/arroyolajara.com\/#website","url":"https:\/\/arroyolajara.com\/","name":"Arroyo La Jara","description":"Casas rurales en Huelva","publisher":{"@id":"https:\/\/arroyolajara.com\/#organization"},"alternateName":"Casas rurales en Huelva","potentialAction":[{"@type":"SearchAction","target":{"@type":"EntryPoint","urlTemplate":"https:\/\/arroyolajara.com\/?s={search_term_string}"},"query-input":{"@type":"PropertyValueSpecification","valueRequired":true,"valueName":"search_term_string"}}],"inLanguage":"en-GB"},{"@type":"Organization","@id":"https:\/\/arroyolajara.com\/#organization","name":"Arroyo La Jara","alternateName":"Casas rurales en Huelva","url":"https:\/\/arroyolajara.com\/","logo":{"@type":"ImageObject","inLanguage":"en-GB","@id":"https:\/\/arroyolajara.com\/#\/schema\/logo\/image\/","url":"https:\/\/arroyolajara.com\/wp-content\/uploads\/2024\/07\/ArroyoLaJara-LogoBlanco.svg","contentUrl":"https:\/\/arroyolajara.com\/wp-content\/uploads\/2024\/07\/ArroyoLaJara-LogoBlanco.svg","width":249,"height":75,"caption":"Arroyo La Jara"},"image":{"@id":"https:\/\/arroyolajara.com\/#\/schema\/logo\/image\/"},"sameAs":["https:\/\/www.instagram.com\/arroyolajara"]}]}},"_links":{"self":[{"href":"https:\/\/arroyolajara.com\/en\/wp-json\/wp\/v2\/pages\/1055","targetHints":{"allow":["GET"]}}],"collection":[{"href":"https:\/\/arroyolajara.com\/en\/wp-json\/wp\/v2\/pages"}],"about":[{"href":"https:\/\/arroyolajara.com\/en\/wp-json\/wp\/v2\/types\/page"}],"author":[{"embeddable":true,"href":"https:\/\/arroyolajara.com\/en\/wp-json\/wp\/v2\/users\/3"}],"replies":[{"embeddable":true,"href":"https:\/\/arroyolajara.com\/en\/wp-json\/wp\/v2\/comments?post=1055"}],"version-history":[{"count":28,"href":"https:\/\/arroyolajara.com\/en\/wp-json\/wp\/v2\/pages\/1055\/revisions"}],"predecessor-version":[{"id":1159,"href":"https:\/\/arroyolajara.com\/en\/wp-json\/wp\/v2\/pages\/1055\/revisions\/1159"}],"up":[{"embeddable":true,"href":"https:\/\/arroyolajara.com\/en\/wp-json\/wp\/v2\/pages\/824"}],"wp:attachment":[{"href":"https:\/\/arroyolajara.com\/en\/wp-json\/wp\/v2\/media?parent=1055"}],"curies":[{"name":"wp","href":"https:\/\/api.w.org\/{rel}","templated":true}]}}