{"id":1096,"date":"2023-01-10T17:26:40","date_gmt":"2023-01-10T15:26:40","guid":{"rendered":"https:\/\/arroyolajara.com\/?page_id=1096"},"modified":"2023-01-10T18:55:47","modified_gmt":"2023-01-10T16:55:47","slug":"bienvenida","status":"publish","type":"page","link":"https:\/\/arroyolajara.com\/en\/alojamientos\/casa-la-alberca\/bienvenida\/","title":{"rendered":"Bienvenida"},"content":{"rendered":"<div data-elementor-type=\"wp-page\" data-elementor-id=\"1096\" class=\"elementor elementor-1096\" data-elementor-post-type=\"page\">\n\t\t\t\t\t\t<section class=\"elementor-section elementor-top-section elementor-element elementor-element-4ddb4d66 elementor-section-boxed elementor-section-height-default elementor-section-height-default\" data-id=\"4ddb4d66\" data-element_type=\"section\" data-settings=\"{&quot;background_background&quot;:&quot;classic&quot;}\">\n\t\t\t\t\t\t<div class=\"elementor-container elementor-column-gap-default\">\n\t\t\t\t\t<div class=\"elementor-column elementor-col-100 elementor-top-column elementor-element elementor-element-23a29d27\" data-id=\"23a29d27\" data-element_type=\"column\">\n\t\t\t<div class=\"elementor-widget-wrap elementor-element-populated\">\n\t\t\t\t\t\t<section class=\"elementor-section elementor-inner-section elementor-element elementor-element-0404f86 elementor-section-boxed elementor-section-height-default elementor-section-height-default\" data-id=\"0404f86\" data-element_type=\"section\">\n\t\t\t\t\t\t<div class=\"elementor-container elementor-column-gap-default\">\n\t\t\t\t\t<div class=\"elementor-column elementor-col-50 elementor-inner-column elementor-element elementor-element-d67dbbd\" data-id=\"d67dbbd\" data-element_type=\"column\">\n\t\t\t<div class=\"elementor-widget-wrap elementor-element-populated\">\n\t\t\t\t\t\t<div class=\"elementor-element elementor-element-bb8a46d elementor-align-justify elementor-widget elementor-widget-button\" data-id=\"bb8a46d\" data-element_type=\"widget\" data-widget_type=\"button.default\">\n\t\t\t\t<div class=\"elementor-widget-container\">\n\t\t\t\t\t\t\t\t\t<div class=\"elementor-button-wrapper\">\n\t\t\t\t\t<a class=\"elementor-button elementor-button-link elementor-size-sm\" href=\"\/en\/normas\/\">\n\t\t\t\t\t\t<span class=\"elementor-button-content-wrapper\">\n\t\t\t\t\t\t\t\t\t<span class=\"elementor-button-text\">Normas<\/span>\n\t\t\t\t\t<\/span>\n\t\t\t\t\t<\/a>\n\t\t\t\t<\/div>\n\t\t\t\t\t\t\t\t<\/div>\n\t\t\t\t<\/div>\n\t\t\t\t\t<\/div>\n\t\t<\/div>\n\t\t\t\t<div class=\"elementor-column elementor-col-50 elementor-inner-column elementor-element elementor-element-311222b\" data-id=\"311222b\" data-element_type=\"column\">\n\t\t\t<div class=\"elementor-widget-wrap elementor-element-populated\">\n\t\t\t\t\t\t<div class=\"elementor-element elementor-element-ff6e6ae elementor-align-justify elementor-widget elementor-widget-button\" data-id=\"ff6e6ae\" data-element_type=\"widget\" data-widget_type=\"button.default\">\n\t\t\t\t<div class=\"elementor-widget-container\">\n\t\t\t\t\t\t\t\t\t<div class=\"elementor-button-wrapper\">\n\t\t\t\t\t<a class=\"elementor-button elementor-button-link elementor-size-sm\" href=\"\/en\/rutas-gastronomicas\/\">\n\t\t\t\t\t\t<span class=\"elementor-button-content-wrapper\">\n\t\t\t\t\t\t\t\t\t<span class=\"elementor-button-text\">Gastronomic routes<\/span>\n\t\t\t\t\t<\/span>\n\t\t\t\t\t<\/a>\n\t\t\t\t<\/div>\n\t\t\t\t\t\t\t\t<\/div>\n\t\t\t\t<\/div>\n\t\t\t\t\t<\/div>\n\t\t<\/div>\n\t\t\t\t\t<\/div>\n\t\t<\/section>\n\t\t\t\t<div class=\"elementor-element elementor-element-7f4cd54b elementor-widget elementor-widget-heading\" data-id=\"7f4cd54b\" data-element_type=\"widget\" data-widget_type=\"heading.default\">\n\t\t\t\t<div class=\"elementor-widget-container\">\n\t\t\t\t\t<h2 class=\"elementor-heading-title elementor-size-default\">Estimados visitantes:\n<br><br>\nLa Finca Arroyo La Jara le da la bienvenida y le desea unas felices vacaciones en nuestra sierra.<\/h2>\t\t\t\t<\/div>\n\t\t\t\t<\/div>\n\t\t\t\t<div class=\"elementor-element elementor-element-41966b0f elementor-widget elementor-widget-text-editor\" data-id=\"41966b0f\" data-element_type=\"widget\" data-widget_type=\"text-editor.default\">\n\t\t\t\t<div class=\"elementor-widget-container\">\n\t\t\t\t\t\t\t\t\t<p>La Finca Arroyo La Jara tiene una extensi\u00f3n de 32 hect\u00e1reas. Est\u00e1 surcada por peque\u00f1os arroyos que bajan desde los manantiales situados en lo m\u00e1s alto del terreno. Est\u00e1 poblada por una vegetaci\u00f3n y por faunas t\u00edpicas de la Sierra de Aracena y presenta atractivos senderos con entra\u00f1ables rincones dignos de ser descubiertos.<\/p><p>La tranquilidad, el confort, el trato amigable y cordial, unidos a la belleza natural de la finca, son los constituyentes de nuestra oferta para que pasen con nosotros unos confortables d\u00edas de verdadero descanso.<\/p>\t\t\t\t\t\t\t\t<\/div>\n\t\t\t\t<\/div>\n\t\t\t\t\t<\/div>\n\t\t<\/div>\n\t\t\t\t\t<\/div>\n\t\t<\/section>\n\t\t\t\t<section class=\"elementor-section elementor-top-section elementor-element elementor-element-3c3eb637 elementor-section-boxed elementor-section-height-default elementor-section-height-default\" data-id=\"3c3eb637\" data-element_type=\"section\" data-settings=\"{&quot;background_background&quot;:&quot;classic&quot;}\">\n\t\t\t\t\t\t<div class=\"elementor-container elementor-column-gap-default\">\n\t\t\t\t\t<div class=\"elementor-column elementor-col-100 elementor-top-column elementor-element elementor-element-62d8861e\" data-id=\"62d8861e\" data-element_type=\"column\">\n\t\t\t<div class=\"elementor-widget-wrap elementor-element-populated\">\n\t\t\t\t\t\t<div class=\"elementor-element elementor-element-5d5ad5b0 elementor-widget elementor-widget-heading\" data-id=\"5d5ad5b0\" data-element_type=\"widget\" data-widget_type=\"heading.default\">\n\t\t\t\t<div class=\"elementor-widget-container\">\n\t\t\t\t\t<h2 class=\"elementor-heading-title elementor-size-default\">Ustedes est\u00e1n alojados en la CASA LA ALBERCA<\/h2>\t\t\t\t<\/div>\n\t\t\t\t<\/div>\n\t\t\t\t<div class=\"elementor-element elementor-element-546b2f35 elementor-widget elementor-widget-text-editor\" data-id=\"546b2f35\" data-element_type=\"widget\" data-widget_type=\"text-editor.default\">\n\t\t\t\t<div class=\"elementor-widget-container\">\n\t\t\t\t\t\t\t\t\t<p>Esta casa esta situada a 30 metros de la antigua alberca de la finca. Esta fuente de agua se utilizaba para regar la huerta principal y tambi\u00e9n cumpl\u00eda la funci\u00f3n de lavadero. La casa est\u00e1 totalmente equipada para dar alojamiento a 4 personas.<\/p><p>Desconecten de la rutina y dejen que el sonido de la naturaleza les absorba. Disfruten del silencio de nuestra casa y de los largos paseos por nuestra finca.<\/p><p>Esta casa forma parte del grupo de 6 Casas Rurales que posee Finca Arroyo la Jara.<\/p>\t\t\t\t\t\t\t\t<\/div>\n\t\t\t\t<\/div>\n\t\t\t\t<section class=\"elementor-section elementor-inner-section elementor-element elementor-element-21a7a249 elementor-section-boxed elementor-section-height-default elementor-section-height-default\" data-id=\"21a7a249\" data-element_type=\"section\">\n\t\t\t\t\t\t<div class=\"elementor-container elementor-column-gap-default\">\n\t\t\t\t\t<div class=\"elementor-column elementor-col-20 elementor-inner-column elementor-element elementor-element-4315c212\" data-id=\"4315c212\" data-element_type=\"column\" data-settings=\"{&quot;background_background&quot;:&quot;classic&quot;}\">\n\t\t\t<div class=\"elementor-widget-wrap elementor-element-populated\">\n\t\t\t\t\t\t<div class=\"elementor-element elementor-element-5d97c184 elementor-widget elementor-widget-image\" data-id=\"5d97c184\" data-element_type=\"widget\" data-widget_type=\"image.default\">\n\t\t\t\t<div class=\"elementor-widget-container\">\n\t\t\t\t\t\t\t\t\t\t\t\t\t\t\t\t<a href=\"\/en\/alojamientos\/casa-el-puente\/\">\n\t\t\t\t\t\t\t<img decoding=\"async\" src=\"https:\/\/arroyolajara.com\/wp-content\/uploads\/2022\/11\/casa1.jpg\" title=\"\" alt=\"\" loading=\"lazy\" \/>\t\t\t\t\t\t\t\t<\/a>\n\t\t\t\t\t\t\t\t\t\t\t\t\t\t\t<\/div>\n\t\t\t\t<\/div>\n\t\t\t\t<section class=\"elementor-section elementor-inner-section elementor-element elementor-element-225a46fd elementor-section-boxed elementor-section-height-default elementor-section-height-default\" data-id=\"225a46fd\" data-element_type=\"section\">\n\t\t\t\t\t\t<div class=\"elementor-container elementor-column-gap-default\">\n\t\t\t\t\t<div class=\"elementor-column elementor-col-100 elementor-inner-column elementor-element elementor-element-3ea7cd09\" data-id=\"3ea7cd09\" data-element_type=\"column\">\n\t\t\t<div class=\"elementor-widget-wrap elementor-element-populated\">\n\t\t\t\t\t\t<div class=\"elementor-element elementor-element-36b88f7e elementor-widget elementor-widget-heading\" data-id=\"36b88f7e\" data-element_type=\"widget\" data-widget_type=\"heading.default\">\n\t\t\t\t<div class=\"elementor-widget-container\">\n\t\t\t\t\t<h5 class=\"elementor-heading-title elementor-size-default\">Casa El Puente<\/h5>\t\t\t\t<\/div>\n\t\t\t\t<\/div>\n\t\t\t\t<div class=\"elementor-element elementor-element-36534eeb elementor-widget elementor-widget-text-editor\" data-id=\"36534eeb\" data-element_type=\"widget\" data-widget_type=\"text-editor.default\">\n\t\t\t\t<div class=\"elementor-widget-container\">\n\t\t\t\t\t\t\t\t\t<p>2 personas<\/p>\t\t\t\t\t\t\t\t<\/div>\n\t\t\t\t<\/div>\n\t\t\t\t\t<\/div>\n\t\t<\/div>\n\t\t\t\t\t<\/div>\n\t\t<\/section>\n\t\t\t\t\t<\/div>\n\t\t<\/div>\n\t\t\t\t<div class=\"elementor-column elementor-col-20 elementor-inner-column elementor-element elementor-element-280f4695\" data-id=\"280f4695\" data-element_type=\"column\" data-settings=\"{&quot;background_background&quot;:&quot;classic&quot;}\">\n\t\t\t<div class=\"elementor-widget-wrap elementor-element-populated\">\n\t\t\t\t\t\t<div class=\"elementor-element elementor-element-2030f4e7 elementor-widget elementor-widget-image\" data-id=\"2030f4e7\" data-element_type=\"widget\" data-widget_type=\"image.default\">\n\t\t\t\t<div class=\"elementor-widget-container\">\n\t\t\t\t\t\t\t\t\t\t\t\t\t\t\t\t<a href=\"\/en\/alojamientos\/casa-la-huerta\/\">\n\t\t\t\t\t\t\t<img decoding=\"async\" src=\"https:\/\/arroyolajara.com\/wp-content\/uploads\/2022\/11\/casa2.jpg\" title=\"\" alt=\"\" loading=\"lazy\" \/>\t\t\t\t\t\t\t\t<\/a>\n\t\t\t\t\t\t\t\t\t\t\t\t\t\t\t<\/div>\n\t\t\t\t<\/div>\n\t\t\t\t<section class=\"elementor-section elementor-inner-section elementor-element elementor-element-4cb149a3 elementor-section-boxed elementor-section-height-default elementor-section-height-default\" data-id=\"4cb149a3\" data-element_type=\"section\">\n\t\t\t\t\t\t<div class=\"elementor-container elementor-column-gap-default\">\n\t\t\t\t\t<div class=\"elementor-column elementor-col-100 elementor-inner-column elementor-element elementor-element-673af1b9\" data-id=\"673af1b9\" data-element_type=\"column\">\n\t\t\t<div class=\"elementor-widget-wrap elementor-element-populated\">\n\t\t\t\t\t\t<div class=\"elementor-element elementor-element-21e8fc9f elementor-widget elementor-widget-heading\" data-id=\"21e8fc9f\" data-element_type=\"widget\" data-widget_type=\"heading.default\">\n\t\t\t\t<div class=\"elementor-widget-container\">\n\t\t\t\t\t<h5 class=\"elementor-heading-title elementor-size-default\">Casa La Huerta<\/h5>\t\t\t\t<\/div>\n\t\t\t\t<\/div>\n\t\t\t\t<div class=\"elementor-element elementor-element-7a10d669 elementor-widget elementor-widget-text-editor\" data-id=\"7a10d669\" data-element_type=\"widget\" data-widget_type=\"text-editor.default\">\n\t\t\t\t<div class=\"elementor-widget-container\">\n\t\t\t\t\t\t\t\t\t<p>4 personas<\/p>\t\t\t\t\t\t\t\t<\/div>\n\t\t\t\t<\/div>\n\t\t\t\t\t<\/div>\n\t\t<\/div>\n\t\t\t\t\t<\/div>\n\t\t<\/section>\n\t\t\t\t\t<\/div>\n\t\t<\/div>\n\t\t\t\t<div class=\"elementor-column elementor-col-20 elementor-inner-column elementor-element elementor-element-3454e10\" data-id=\"3454e10\" data-element_type=\"column\" data-settings=\"{&quot;background_background&quot;:&quot;classic&quot;}\">\n\t\t\t<div class=\"elementor-widget-wrap elementor-element-populated\">\n\t\t\t\t\t\t<div class=\"elementor-element elementor-element-3468308 elementor-widget elementor-widget-image\" data-id=\"3468308\" data-element_type=\"widget\" data-widget_type=\"image.default\">\n\t\t\t\t<div class=\"elementor-widget-container\">\n\t\t\t\t\t\t\t\t\t\t\t\t\t\t\t\t<a href=\"\/en\/alojamientos\/casa-el-olivo\/\">\n\t\t\t\t\t\t\t<img decoding=\"async\" src=\"https:\/\/arroyolajara.com\/wp-content\/uploads\/2022\/11\/casa3.jpg\" title=\"\" alt=\"\" loading=\"lazy\" \/>\t\t\t\t\t\t\t\t<\/a>\n\t\t\t\t\t\t\t\t\t\t\t\t\t\t\t<\/div>\n\t\t\t\t<\/div>\n\t\t\t\t<section class=\"elementor-section elementor-inner-section elementor-element elementor-element-dc927db elementor-section-boxed elementor-section-height-default elementor-section-height-default\" data-id=\"dc927db\" data-element_type=\"section\">\n\t\t\t\t\t\t<div class=\"elementor-container elementor-column-gap-default\">\n\t\t\t\t\t<div class=\"elementor-column elementor-col-100 elementor-inner-column elementor-element elementor-element-cdbc384\" data-id=\"cdbc384\" data-element_type=\"column\">\n\t\t\t<div class=\"elementor-widget-wrap elementor-element-populated\">\n\t\t\t\t\t\t<div class=\"elementor-element elementor-element-45fd72a elementor-widget elementor-widget-heading\" data-id=\"45fd72a\" data-element_type=\"widget\" data-widget_type=\"heading.default\">\n\t\t\t\t<div class=\"elementor-widget-container\">\n\t\t\t\t\t<h5 class=\"elementor-heading-title elementor-size-default\">Casa El Olivo<\/h5>\t\t\t\t<\/div>\n\t\t\t\t<\/div>\n\t\t\t\t<div class=\"elementor-element elementor-element-f113eaf elementor-widget elementor-widget-text-editor\" data-id=\"f113eaf\" data-element_type=\"widget\" data-widget_type=\"text-editor.default\">\n\t\t\t\t<div class=\"elementor-widget-container\">\n\t\t\t\t\t\t\t\t\t<p>10 personas<\/p>\t\t\t\t\t\t\t\t<\/div>\n\t\t\t\t<\/div>\n\t\t\t\t\t<\/div>\n\t\t<\/div>\n\t\t\t\t\t<\/div>\n\t\t<\/section>\n\t\t\t\t\t<\/div>\n\t\t<\/div>\n\t\t\t\t<div class=\"elementor-column elementor-col-20 elementor-inner-column elementor-element elementor-element-314433de\" data-id=\"314433de\" data-element_type=\"column\" data-settings=\"{&quot;background_background&quot;:&quot;classic&quot;}\">\n\t\t\t<div class=\"elementor-widget-wrap elementor-element-populated\">\n\t\t\t\t\t\t<div class=\"elementor-element elementor-element-6200a2e3 elementor-widget elementor-widget-image\" data-id=\"6200a2e3\" data-element_type=\"widget\" data-widget_type=\"image.default\">\n\t\t\t\t<div class=\"elementor-widget-container\">\n\t\t\t\t\t\t\t\t\t\t\t\t\t\t\t\t<a href=\"\/en\/alojamientos\/casa-la-fuente\/\">\n\t\t\t\t\t\t\t<img decoding=\"async\" src=\"https:\/\/arroyolajara.com\/wp-content\/uploads\/2022\/11\/casa4.jpg\" title=\"\" alt=\"\" loading=\"lazy\" \/>\t\t\t\t\t\t\t\t<\/a>\n\t\t\t\t\t\t\t\t\t\t\t\t\t\t\t<\/div>\n\t\t\t\t<\/div>\n\t\t\t\t<section class=\"elementor-section elementor-inner-section elementor-element elementor-element-2e78ecac elementor-section-boxed elementor-section-height-default elementor-section-height-default\" data-id=\"2e78ecac\" data-element_type=\"section\">\n\t\t\t\t\t\t<div class=\"elementor-container elementor-column-gap-default\">\n\t\t\t\t\t<div class=\"elementor-column elementor-col-100 elementor-inner-column elementor-element elementor-element-7b907408\" data-id=\"7b907408\" data-element_type=\"column\">\n\t\t\t<div class=\"elementor-widget-wrap elementor-element-populated\">\n\t\t\t\t\t\t<div class=\"elementor-element elementor-element-194f7943 elementor-widget elementor-widget-heading\" data-id=\"194f7943\" data-element_type=\"widget\" data-widget_type=\"heading.default\">\n\t\t\t\t<div class=\"elementor-widget-container\">\n\t\t\t\t\t<h5 class=\"elementor-heading-title elementor-size-default\">Casa La Fuente<\/h5>\t\t\t\t<\/div>\n\t\t\t\t<\/div>\n\t\t\t\t<div class=\"elementor-element elementor-element-4d6fd879 elementor-widget elementor-widget-text-editor\" data-id=\"4d6fd879\" data-element_type=\"widget\" data-widget_type=\"text-editor.default\">\n\t\t\t\t<div class=\"elementor-widget-container\">\n\t\t\t\t\t\t\t\t\t<p>4 personas<\/p>\t\t\t\t\t\t\t\t<\/div>\n\t\t\t\t<\/div>\n\t\t\t\t\t<\/div>\n\t\t<\/div>\n\t\t\t\t\t<\/div>\n\t\t<\/section>\n\t\t\t\t\t<\/div>\n\t\t<\/div>\n\t\t\t\t<div class=\"elementor-column elementor-col-20 elementor-inner-column elementor-element elementor-element-49858b69\" data-id=\"49858b69\" data-element_type=\"column\" data-settings=\"{&quot;background_background&quot;:&quot;classic&quot;}\">\n\t\t\t<div class=\"elementor-widget-wrap elementor-element-populated\">\n\t\t\t\t\t\t<div class=\"elementor-element elementor-element-67bdbd86 elementor-widget elementor-widget-image\" data-id=\"67bdbd86\" data-element_type=\"widget\" data-widget_type=\"image.default\">\n\t\t\t\t<div class=\"elementor-widget-container\">\n\t\t\t\t\t\t\t\t\t\t\t\t\t\t\t\t<a href=\"\/en\/alojamientos\/casa-los-naranjos\/\">\n\t\t\t\t\t\t\t<img decoding=\"async\" src=\"https:\/\/arroyolajara.com\/wp-content\/uploads\/2022\/11\/casa1.jpg\" title=\"\" alt=\"\" loading=\"lazy\" \/>\t\t\t\t\t\t\t\t<\/a>\n\t\t\t\t\t\t\t\t\t\t\t\t\t\t\t<\/div>\n\t\t\t\t<\/div>\n\t\t\t\t<section class=\"elementor-section elementor-inner-section elementor-element elementor-element-554e5b3c elementor-section-boxed elementor-section-height-default elementor-section-height-default\" data-id=\"554e5b3c\" data-element_type=\"section\">\n\t\t\t\t\t\t<div class=\"elementor-container elementor-column-gap-default\">\n\t\t\t\t\t<div class=\"elementor-column elementor-col-100 elementor-inner-column elementor-element elementor-element-19acbc17\" data-id=\"19acbc17\" data-element_type=\"column\">\n\t\t\t<div class=\"elementor-widget-wrap elementor-element-populated\">\n\t\t\t\t\t\t<div class=\"elementor-element elementor-element-2b4061d9 elementor-widget elementor-widget-heading\" data-id=\"2b4061d9\" data-element_type=\"widget\" data-widget_type=\"heading.default\">\n\t\t\t\t<div class=\"elementor-widget-container\">\n\t\t\t\t\t<h5 class=\"elementor-heading-title elementor-size-default\">Casa Los Naranjos<\/h5>\t\t\t\t<\/div>\n\t\t\t\t<\/div>\n\t\t\t\t<div class=\"elementor-element elementor-element-2910e0a7 elementor-widget elementor-widget-text-editor\" data-id=\"2910e0a7\" data-element_type=\"widget\" data-widget_type=\"text-editor.default\">\n\t\t\t\t<div class=\"elementor-widget-container\">\n\t\t\t\t\t\t\t\t\t<p>2 personas<\/p>\t\t\t\t\t\t\t\t<\/div>\n\t\t\t\t<\/div>\n\t\t\t\t\t<\/div>\n\t\t<\/div>\n\t\t\t\t\t<\/div>\n\t\t<\/section>\n\t\t\t\t\t<\/div>\n\t\t<\/div>\n\t\t\t\t\t<\/div>\n\t\t<\/section>\n\t\t\t\t<div class=\"elementor-element elementor-element-d516707 elementor-widget elementor-widget-text-editor\" data-id=\"d516707\" data-element_type=\"widget\" data-widget_type=\"text-editor.default\">\n\t\t\t\t<div class=\"elementor-widget-container\">\n\t\t\t\t\t\t\t\t\t<p>Accediendo a nuestra P\u00e1gina Web podr\u00e1n obtener m\u00e1s informaci\u00f3n y detalles con relaci\u00f3n a las caracter\u00edsticas y servicios de Arroyo La Jara.<\/p>\t\t\t\t\t\t\t\t<\/div>\n\t\t\t\t<\/div>\n\t\t\t\t\t<\/div>\n\t\t<\/div>\n\t\t\t\t\t<\/div>\n\t\t<\/section>\n\t\t\t\t<section class=\"elementor-section elementor-top-section elementor-element elementor-element-1b3359a6 elementor-section-boxed elementor-section-height-default elementor-section-height-default\" data-id=\"1b3359a6\" data-element_type=\"section\" data-settings=\"{&quot;background_background&quot;:&quot;classic&quot;}\">\n\t\t\t\t\t\t<div class=\"elementor-container elementor-column-gap-default\">\n\t\t\t\t\t<div class=\"elementor-column elementor-col-100 elementor-top-column elementor-element elementor-element-3d1a11db\" data-id=\"3d1a11db\" data-element_type=\"column\">\n\t\t\t<div class=\"elementor-widget-wrap elementor-element-populated\">\n\t\t\t\t\t\t<div class=\"elementor-element elementor-element-644f8661 elementor-widget elementor-widget-text-editor\" data-id=\"644f8661\" data-element_type=\"widget\" data-widget_type=\"text-editor.default\">\n\t\t\t\t<div class=\"elementor-widget-container\">\n\t\t\t\t\t\t\t\t\t<p>Queremos destacar que las ropas de cama, cortinas, toallas de ba\u00f1o y algunas alfombras de los dormitorios han sido confeccionadas en el taller de manualidades de la Finca Arroyo La Jara. Para ello se han utilizado telas de algod\u00f3n 100% y pura lana virgen.<\/p><p>En el taller de manualidades los clientes de Arroyo La Jara pueden realizar diferentes tipos de talleres y actividades que se van alternando y que en la recepci\u00f3n pueden obtener m\u00e1s informaci\u00f3n sobre d\u00edas, precios y horas.<\/p>\t\t\t\t\t\t\t\t<\/div>\n\t\t\t\t<\/div>\n\t\t\t\t\t<\/div>\n\t\t<\/div>\n\t\t\t\t\t<\/div>\n\t\t<\/section>\n\t\t\t\t<section class=\"elementor-section elementor-top-section elementor-element elementor-element-2abbe9cc elementor-section-boxed elementor-section-height-default elementor-section-height-default\" data-id=\"2abbe9cc\" data-element_type=\"section\" data-settings=\"{&quot;background_background&quot;:&quot;classic&quot;}\">\n\t\t\t\t\t\t<div class=\"elementor-container elementor-column-gap-default\">\n\t\t\t\t\t<div class=\"elementor-column elementor-col-100 elementor-top-column elementor-element elementor-element-5b6ec205\" data-id=\"5b6ec205\" data-element_type=\"column\">\n\t\t\t<div class=\"elementor-widget-wrap elementor-element-populated\">\n\t\t\t\t\t\t<div class=\"elementor-element elementor-element-3a951377 elementor-widget elementor-widget-text-editor\" data-id=\"3a951377\" data-element_type=\"widget\" data-widget_type=\"text-editor.default\">\n\t\t\t\t<div class=\"elementor-widget-container\">\n\t\t\t\t\t\t\t\t\t<p>Un complemento importante de los servicios de Arroyo La Jara es nuestro servicio de desayunos directo en la casa o en nuestra zona com\u00fan destinada a desayunos.<\/p><p>Vean el men\u00fa y comprueben sus cualidades haciendo la reserva, el d\u00eda anterior, antes de las 19 horas, llamando al Tel. 661 341 658.<\/p><p>Para completar la informaci\u00f3n, en las p\u00e1ginas siguientes les presentamos las Normas para los hu\u00e9spedes y tel\u00e9fonos de inter\u00e9s.<\/p><p>Le recordamos que la prolongaci\u00f3n del tiempo de estancia m\u00e1s all\u00e1 del horario de salida producir\u00e1 un incremento en el precio de la misma.<\/p><p>Por favor, ay\u00fadenos a cuidar y mantener nuestros objetivos de calidad haciendo un buen uso de las instalaciones de la casa.<\/p>\t\t\t\t\t\t\t\t<\/div>\n\t\t\t\t<\/div>\n\t\t\t\t<div class=\"elementor-element elementor-element-3c6a037b elementor-widget elementor-widget-heading\" data-id=\"3c6a037b\" data-element_type=\"widget\" data-widget_type=\"heading.default\">\n\t\t\t\t<div class=\"elementor-widget-container\">\n\t\t\t\t\t<h2 class=\"elementor-heading-title elementor-size-default\">Gracias por elegirnos y\u2026 \u00a1FELIZ ESTANCIA EN ARROYO LA JARA!<\/h2>\t\t\t\t<\/div>\n\t\t\t\t<\/div>\n\t\t\t\t\t<\/div>\n\t\t<\/div>\n\t\t\t\t\t<\/div>\n\t\t<\/section>\n\t\t\t\t<\/div>","protected":false},"excerpt":{"rendered":"<p>Normas Rutas gastron\u00f3micas Estimados visitantes: La Finca Arroyo La Jara le da la bienvenida y le desea unas felices vacaciones en nuestra sierra. La Finca Arroyo La Jara tiene una extensi\u00f3n de 32 hect\u00e1reas. Est\u00e1 surcada por peque\u00f1os arroyos que bajan desde los manantiales situados en lo m\u00e1s alto del terreno. Est\u00e1 poblada por una [&hellip;]<\/p>\n","protected":false},"author":3,"featured_media":0,"parent":873,"menu_order":0,"comment_status":"closed","ping_status":"closed","template":"","meta":{"inline_featured_image":false,"_joinchat":[],"footnotes":""},"class_list":["post-1096","page","type-page","status-publish","hentry","entry"],"yoast_head":"<!-- This site is optimized with the Yoast SEO plugin v26.8 - https:\/\/yoast.com\/product\/yoast-seo-wordpress\/ -->\n<title>Bienvenida - Arroyo La Jara<\/title>\n<meta name=\"robots\" content=\"index, follow, max-snippet:-1, max-image-preview:large, max-video-preview:-1\" \/>\n<link rel=\"canonical\" href=\"https:\/\/arroyolajara.com\/en\/alojamientos\/casa-la-alberca\/bienvenida\/\" \/>\n<meta property=\"og:locale\" content=\"en_GB\" \/>\n<meta property=\"og:type\" content=\"article\" \/>\n<meta property=\"og:title\" content=\"Bienvenida - Arroyo La Jara\" \/>\n<meta property=\"og:description\" content=\"Normas Rutas gastron\u00f3micas Estimados visitantes: La Finca Arroyo La Jara le da la bienvenida y le desea unas felices vacaciones en nuestra sierra. La Finca Arroyo La Jara tiene una extensi\u00f3n de 32 hect\u00e1reas. Est\u00e1 surcada por peque\u00f1os arroyos que bajan desde los manantiales situados en lo m\u00e1s alto del terreno. Est\u00e1 poblada por una [&hellip;]\" \/>\n<meta property=\"og:url\" content=\"https:\/\/arroyolajara.com\/en\/alojamientos\/casa-la-alberca\/bienvenida\/\" \/>\n<meta property=\"og:site_name\" content=\"Arroyo La Jara\" \/>\n<meta property=\"article:modified_time\" content=\"2023-01-10T16:55:47+00:00\" \/>\n<meta property=\"og:image\" content=\"https:\/\/arroyolajara.com\/wp-content\/uploads\/2022\/11\/casa1.jpg\" \/>\n<meta name=\"twitter:card\" content=\"summary_large_image\" \/>\n<meta name=\"twitter:label1\" content=\"Estimated reading time\" \/>\n\t<meta name=\"twitter:data1\" content=\"2 minutes\" \/>\n<script type=\"application\/ld+json\" class=\"yoast-schema-graph\">{\"@context\":\"https:\/\/schema.org\",\"@graph\":[{\"@type\":\"WebPage\",\"@id\":\"https:\/\/arroyolajara.com\/alojamientos\/casa-la-alberca\/bienvenida\/\",\"url\":\"https:\/\/arroyolajara.com\/alojamientos\/casa-la-alberca\/bienvenida\/\",\"name\":\"Bienvenida - Arroyo La Jara\",\"isPartOf\":{\"@id\":\"https:\/\/arroyolajara.com\/#website\"},\"primaryImageOfPage\":{\"@id\":\"https:\/\/arroyolajara.com\/alojamientos\/casa-la-alberca\/bienvenida\/#primaryimage\"},\"image\":{\"@id\":\"https:\/\/arroyolajara.com\/alojamientos\/casa-la-alberca\/bienvenida\/#primaryimage\"},\"thumbnailUrl\":\"https:\/\/arroyolajara.com\/wp-content\/uploads\/2022\/11\/casa1.jpg\",\"datePublished\":\"2023-01-10T15:26:40+00:00\",\"dateModified\":\"2023-01-10T16:55:47+00:00\",\"breadcrumb\":{\"@id\":\"https:\/\/arroyolajara.com\/alojamientos\/casa-la-alberca\/bienvenida\/#breadcrumb\"},\"inLanguage\":\"en-GB\",\"potentialAction\":[{\"@type\":\"ReadAction\",\"target\":[\"https:\/\/arroyolajara.com\/alojamientos\/casa-la-alberca\/bienvenida\/\"]}]},{\"@type\":\"ImageObject\",\"inLanguage\":\"en-GB\",\"@id\":\"https:\/\/arroyolajara.com\/alojamientos\/casa-la-alberca\/bienvenida\/#primaryimage\",\"url\":\"https:\/\/arroyolajara.com\/wp-content\/uploads\/2022\/11\/casa1.jpg\",\"contentUrl\":\"https:\/\/arroyolajara.com\/wp-content\/uploads\/2022\/11\/casa1.jpg\"},{\"@type\":\"BreadcrumbList\",\"@id\":\"https:\/\/arroyolajara.com\/alojamientos\/casa-la-alberca\/bienvenida\/#breadcrumb\",\"itemListElement\":[{\"@type\":\"ListItem\",\"position\":1,\"name\":\"Portada\",\"item\":\"https:\/\/arroyolajara.com\/\"},{\"@type\":\"ListItem\",\"position\":2,\"name\":\"Alojamientos\",\"item\":\"https:\/\/arroyolajara.com\/alojamientos\/\"},{\"@type\":\"ListItem\",\"position\":3,\"name\":\"Casa La Alberca\",\"item\":\"https:\/\/arroyolajara.com\/alojamientos\/casa-la-alberca\/\"},{\"@type\":\"ListItem\",\"position\":4,\"name\":\"Bienvenida\"}]},{\"@type\":\"WebSite\",\"@id\":\"https:\/\/arroyolajara.com\/#website\",\"url\":\"https:\/\/arroyolajara.com\/\",\"name\":\"Arroyo La Jara\",\"description\":\"Casas rurales en Huelva\",\"publisher\":{\"@id\":\"https:\/\/arroyolajara.com\/#organization\"},\"alternateName\":\"Casas rurales en Huelva\",\"potentialAction\":[{\"@type\":\"SearchAction\",\"target\":{\"@type\":\"EntryPoint\",\"urlTemplate\":\"https:\/\/arroyolajara.com\/?s={search_term_string}\"},\"query-input\":{\"@type\":\"PropertyValueSpecification\",\"valueRequired\":true,\"valueName\":\"search_term_string\"}}],\"inLanguage\":\"en-GB\"},{\"@type\":\"Organization\",\"@id\":\"https:\/\/arroyolajara.com\/#organization\",\"name\":\"Arroyo La Jara\",\"alternateName\":\"Casas rurales en Huelva\",\"url\":\"https:\/\/arroyolajara.com\/\",\"logo\":{\"@type\":\"ImageObject\",\"inLanguage\":\"en-GB\",\"@id\":\"https:\/\/arroyolajara.com\/#\/schema\/logo\/image\/\",\"url\":\"https:\/\/arroyolajara.com\/wp-content\/uploads\/2024\/07\/ArroyoLaJara-LogoBlanco.svg\",\"contentUrl\":\"https:\/\/arroyolajara.com\/wp-content\/uploads\/2024\/07\/ArroyoLaJara-LogoBlanco.svg\",\"width\":249,\"height\":75,\"caption\":\"Arroyo La Jara\"},\"image\":{\"@id\":\"https:\/\/arroyolajara.com\/#\/schema\/logo\/image\/\"},\"sameAs\":[\"https:\/\/www.instagram.com\/arroyolajara\"]}]}<\/script>\n<!-- \/ Yoast SEO plugin. -->","yoast_head_json":{"title":"Bienvenida - Arroyo La Jara","robots":{"index":"index","follow":"follow","max-snippet":"max-snippet:-1","max-image-preview":"max-image-preview:large","max-video-preview":"max-video-preview:-1"},"canonical":"https:\/\/arroyolajara.com\/en\/alojamientos\/casa-la-alberca\/bienvenida\/","og_locale":"en_GB","og_type":"article","og_title":"Bienvenida - Arroyo La Jara","og_description":"Normas Rutas gastron\u00f3micas Estimados visitantes: La Finca Arroyo La Jara le da la bienvenida y le desea unas felices vacaciones en nuestra sierra. La Finca Arroyo La Jara tiene una extensi\u00f3n de 32 hect\u00e1reas. Est\u00e1 surcada por peque\u00f1os arroyos que bajan desde los manantiales situados en lo m\u00e1s alto del terreno. Est\u00e1 poblada por una [&hellip;]","og_url":"https:\/\/arroyolajara.com\/en\/alojamientos\/casa-la-alberca\/bienvenida\/","og_site_name":"Arroyo La Jara","article_modified_time":"2023-01-10T16:55:47+00:00","og_image":[{"url":"https:\/\/arroyolajara.com\/wp-content\/uploads\/2022\/11\/casa1.jpg","type":"","width":"","height":""}],"twitter_card":"summary_large_image","twitter_misc":{"Estimated reading time":"2 minutes"},"schema":{"@context":"https:\/\/schema.org","@graph":[{"@type":"WebPage","@id":"https:\/\/arroyolajara.com\/alojamientos\/casa-la-alberca\/bienvenida\/","url":"https:\/\/arroyolajara.com\/alojamientos\/casa-la-alberca\/bienvenida\/","name":"Bienvenida - Arroyo La Jara","isPartOf":{"@id":"https:\/\/arroyolajara.com\/#website"},"primaryImageOfPage":{"@id":"https:\/\/arroyolajara.com\/alojamientos\/casa-la-alberca\/bienvenida\/#primaryimage"},"image":{"@id":"https:\/\/arroyolajara.com\/alojamientos\/casa-la-alberca\/bienvenida\/#primaryimage"},"thumbnailUrl":"https:\/\/arroyolajara.com\/wp-content\/uploads\/2022\/11\/casa1.jpg","datePublished":"2023-01-10T15:26:40+00:00","dateModified":"2023-01-10T16:55:47+00:00","breadcrumb":{"@id":"https:\/\/arroyolajara.com\/alojamientos\/casa-la-alberca\/bienvenida\/#breadcrumb"},"inLanguage":"en-GB","potentialAction":[{"@type":"ReadAction","target":["https:\/\/arroyolajara.com\/alojamientos\/casa-la-alberca\/bienvenida\/"]}]},{"@type":"ImageObject","inLanguage":"en-GB","@id":"https:\/\/arroyolajara.com\/alojamientos\/casa-la-alberca\/bienvenida\/#primaryimage","url":"https:\/\/arroyolajara.com\/wp-content\/uploads\/2022\/11\/casa1.jpg","contentUrl":"https:\/\/arroyolajara.com\/wp-content\/uploads\/2022\/11\/casa1.jpg"},{"@type":"BreadcrumbList","@id":"https:\/\/arroyolajara.com\/alojamientos\/casa-la-alberca\/bienvenida\/#breadcrumb","itemListElement":[{"@type":"ListItem","position":1,"name":"Portada","item":"https:\/\/arroyolajara.com\/"},{"@type":"ListItem","position":2,"name":"Alojamientos","item":"https:\/\/arroyolajara.com\/alojamientos\/"},{"@type":"ListItem","position":3,"name":"Casa La Alberca","item":"https:\/\/arroyolajara.com\/alojamientos\/casa-la-alberca\/"},{"@type":"ListItem","position":4,"name":"Bienvenida"}]},{"@type":"WebSite","@id":"https:\/\/arroyolajara.com\/#website","url":"https:\/\/arroyolajara.com\/","name":"Arroyo La Jara","description":"Casas rurales en Huelva","publisher":{"@id":"https:\/\/arroyolajara.com\/#organization"},"alternateName":"Casas rurales en Huelva","potentialAction":[{"@type":"SearchAction","target":{"@type":"EntryPoint","urlTemplate":"https:\/\/arroyolajara.com\/?s={search_term_string}"},"query-input":{"@type":"PropertyValueSpecification","valueRequired":true,"valueName":"search_term_string"}}],"inLanguage":"en-GB"},{"@type":"Organization","@id":"https:\/\/arroyolajara.com\/#organization","name":"Arroyo La Jara","alternateName":"Casas rurales en Huelva","url":"https:\/\/arroyolajara.com\/","logo":{"@type":"ImageObject","inLanguage":"en-GB","@id":"https:\/\/arroyolajara.com\/#\/schema\/logo\/image\/","url":"https:\/\/arroyolajara.com\/wp-content\/uploads\/2024\/07\/ArroyoLaJara-LogoBlanco.svg","contentUrl":"https:\/\/arroyolajara.com\/wp-content\/uploads\/2024\/07\/ArroyoLaJara-LogoBlanco.svg","width":249,"height":75,"caption":"Arroyo La Jara"},"image":{"@id":"https:\/\/arroyolajara.com\/#\/schema\/logo\/image\/"},"sameAs":["https:\/\/www.instagram.com\/arroyolajara"]}]}},"_links":{"self":[{"href":"https:\/\/arroyolajara.com\/en\/wp-json\/wp\/v2\/pages\/1096","targetHints":{"allow":["GET"]}}],"collection":[{"href":"https:\/\/arroyolajara.com\/en\/wp-json\/wp\/v2\/pages"}],"about":[{"href":"https:\/\/arroyolajara.com\/en\/wp-json\/wp\/v2\/types\/page"}],"author":[{"embeddable":true,"href":"https:\/\/arroyolajara.com\/en\/wp-json\/wp\/v2\/users\/3"}],"replies":[{"embeddable":true,"href":"https:\/\/arroyolajara.com\/en\/wp-json\/wp\/v2\/comments?post=1096"}],"version-history":[{"count":10,"href":"https:\/\/arroyolajara.com\/en\/wp-json\/wp\/v2\/pages\/1096\/revisions"}],"predecessor-version":[{"id":1165,"href":"https:\/\/arroyolajara.com\/en\/wp-json\/wp\/v2\/pages\/1096\/revisions\/1165"}],"up":[{"embeddable":true,"href":"https:\/\/arroyolajara.com\/en\/wp-json\/wp\/v2\/pages\/873"}],"wp:attachment":[{"href":"https:\/\/arroyolajara.com\/en\/wp-json\/wp\/v2\/media?parent=1096"}],"curies":[{"name":"wp","href":"https:\/\/api.w.org\/{rel}","templated":true}]}}